{"id":64714,"date":"2025-05-05T16:21:41","date_gmt":"2025-05-05T14:21:41","guid":{"rendered":"https:\/\/www.liselotte-andersen.net\/?page_id=64714"},"modified":"2026-02-13T13:28:38","modified_gmt":"2026-02-13T12:28:38","slug":"esposizioni-permanenti","status":"publish","type":"page","link":"https:\/\/www.liselotte-andersen.net\/it\/expositions-permanentes\/","title":{"rendered":"Mostre permanenti"},"content":{"rendered":"<div class=\"wpb-content-wrapper\" id=\"wpb-content-root\"><div class=\"vc-row-container container\"><div class=\"vc_row wpb_row vc_row-fluid vc_custom_1753436089989\"><div class=\"wpb_column vc_column_container vc_col-sm-12\"><div class=\"vc_column-inner vc_custom_1498251402115\"><div class=\"wpb_wrapper\"><div class=\"vc_row wpb_row vc_inner vc_row-fluid vc_row-o-content-bottom vc_row-flex\"><div class=\"wpb_column vc_column_container vc_col-sm-6\"><div class=\"vc_column-inner\"><div class=\"wpb_wrapper\">\n\t<div class=\"wpb_text_column wpb_content_element vc_custom_1752487335598 post-formatting\" >\n\t\t<div class=\"wpb_wrapper\">\n\t\t\t<h1>Mostre permanenti<\/h1>\n\n\t\t<\/div>\n\t<\/div>\n\n\t<div class=\"wpb_text_column wpb_content_element section-title post-formatting\" >\n\t\t<div class=\"wpb_wrapper\">\n\t\t\t<p>Lavoro in collaborazione con diverse gallerie la cui esperienza e risonanza sono preziose. Il che mi permette inoltre di essere esposta permanentemente, parallelamente alle <a href=\"https:\/\/www.liselotte-andersen.net\/it\/mostre-temporanee\/\">mostre personali temporanee<\/a> che organizzo alcune settimane all'anno in luoghi d'eccezione.<\/p>\n\n\t\t<\/div>\n\t<\/div>\n<\/div><\/div><\/div><div class=\"wpb_column vc_column_container vc_col-sm-6 vc_hidden-lg vc_hidden-md vc_hidden-sm vc_hidden-xs vc_hidden-xl\"><div class=\"vc_column-inner\"><div class=\"wpb_wrapper\"><\/div><\/div><\/div><\/div><\/div><\/div><\/div><\/div><\/div><div class=\"vc-row-container container\"><div class=\"vc_row wpb_row vc_row-fluid vc_custom_1752239284422\"><div class=\"wpb_column vc_column_container vc_col-sm-12\"><div class=\"vc_column-inner\"><div class=\"wpb_wrapper\">\n<div class=\"vc_grid-container-wrapper vc_clearfix vc_grid-animation-fadeIn\">\n\t<div class=\"vc_grid-container vc_clearfix wpb_content_element vc_basic_grid\" style=\"--vc-grid-gap:30px;--vc-grid-arrows-color:#5472D2;--vc-grid-paging-color:#EBEBEB;\" data-initial-loading-animation=\"fadeIn\" data-vc-grid-settings=\"{&quot;page_id&quot;:64714,&quot;style&quot;:&quot;all&quot;,&quot;action&quot;:&quot;vc_get_vc_grid_data&quot;,&quot;shortcode_id&quot;:&quot;1768223339214-096ed210-2483-4&quot;,&quot;tag&quot;:&quot;vc_basic_grid&quot;}\" data-vc-request=\"https:\/\/www.liselotte-andersen.net\/wp-admin\/admin-ajax.php\" data-vc-post-id=\"64714\" data-vc-public-nonce=\"3b69ad5b78\">\n\t\t<style data-type=\"vc_shortcodes-custom-css\">.vc_custom_1419240516480{background-color: #f9f9f9 !important;}<\/style><div class=\"vc_grid vc_row vc_grid-gutter vc_pageable-wrapper vc_hook_hover\" data-vc-pageable-content=\"true\"><div class=\"vc_pageable-slide-wrapper vc_clearfix\" data-vc-grid-content=\"true\"><div class=\"vc_grid-item vc_clearfix vc_col-sm-4 vc_grid-item-zone-c-bottom\"><div class=\"vc_grid-item-mini vc_clearfix\"><div class=\"vc_gitem-animated-block\" ><div class=\"vc_gitem-zone vc_gitem-zone-a vc-gitem-zone-height-mode-auto vc-gitem-zone-height-mode-auto-1-1 vc_gitem-is-link\" style=\"background-image: url('https:\/\/www.liselotte-andersen.net\/wp-content\/uploads\/2025\/10\/Galerie-Vision-2.jpg') !important;\"><a href=\"https:\/\/www.liselotte-andersen.net\/it\/expositions-permanentes\/galerie-vision-tourtour-2\/\" title=\"Galerie Vision &#8211; Tourtour\" class=\"vc_gitem-link vc-zone-link\" ><\/a><img decoding=\"async\" class=\"vc_gitem-zone-img\" src=\"https:\/\/www.liselotte-andersen.net\/wp-content\/uploads\/2025\/10\/Galerie-Vision-2.jpg\" alt=\"\u2022 Tourtour (83)\u2022 Francia\u2022 Aperto da aprile a ottobre\" loading=\"lazy\"><div class=\"vc_gitem-zone-mini\"><\/div><\/div><\/div><div class=\"vc_gitem-zone vc_gitem-zone-c vc_custom_1419240516480\"><div class=\"vc_gitem-zone-mini\"><div class=\"vc_gitem_row vc_row vc_gitem-row-position-top\"><div class=\"vc_col-sm-12 vc_gitem-col vc_gitem-col-align-\"><div class=\"vc_custom_heading vc_gitem-post-data vc_gitem-post-data-source-post_title\" ><h4 style=\"text-align: left\" >Galerie Vision \u2013 Tourtour<\/h4><\/div><div class=\"vc_custom_heading vc_gitem-post-data vc_gitem-post-data-source-post_excerpt\" ><p style=\"text-align: left\" ><p>\u2022 Tourtour (83)<br \/>\n\u2022 Francia<br \/>\n\u2022 Aperta da aprile a ottobre<\/p>\n<\/p><\/div><div class=\"vc_btn3-container vc_btn3-left\" ><a onmouseenter=\"this.style.backgroundColor='#f23630'; this.style.color='#f7f7f7';\" onmouseleave=\"this.style.backgroundColor='#F4524D'; this.style.color='#fff';\" style=\"background-color:#F4524D; color:#fff;\" class=\"vc_general vc_btn3 vc_btn3-size-md vc_btn3-shape-rounded vc_btn3-style-flat\" href=\"https:\/\/www.liselotte-andersen.net\/it\/expositions-permanentes\/galerie-vision-tourtour-2\/\" title=\"\">Leggi tutto<\/a><\/div><\/div><\/div><\/div><\/div><\/div><div class=\"vc_clearfix\"><\/div><\/div><div class=\"vc_grid-item vc_clearfix vc_col-sm-4 vc_grid-item-zone-c-bottom\"><div class=\"vc_grid-item-mini vc_clearfix\"><div class=\"vc_gitem-animated-block\" ><div class=\"vc_gitem-zone vc_gitem-zone-a vc-gitem-zone-height-mode-auto vc-gitem-zone-height-mode-auto-1-1 vc_gitem-is-link\" style=\"background-image: url('https:\/\/www.liselotte-andersen.net\/wp-content\/uploads\/2025\/10\/Promenarts-La-Baule.jpg') !important;\"><a href=\"https:\/\/www.liselotte-andersen.net\/it\/expositions-permanentes\/promenarts-la-baule\/\" title=\"Galerie PromenArts &#8211; \u00cele de R\u00e9\" class=\"vc_gitem-link vc-zone-link\" ><\/a><img decoding=\"async\" class=\"vc_gitem-zone-img\" src=\"https:\/\/www.liselotte-andersen.net\/wp-content\/uploads\/2025\/10\/Promenarts-La-Baule.jpg\" alt=\"\u2022 \u00cele de R\u00e9 (17) \u2022 Francia \u2022 Aperta tutto l&#039;anno\" loading=\"lazy\"><div class=\"vc_gitem-zone-mini\"><\/div><\/div><\/div><div class=\"vc_gitem-zone vc_gitem-zone-c vc_custom_1419240516480\"><div class=\"vc_gitem-zone-mini\"><div class=\"vc_gitem_row vc_row vc_gitem-row-position-top\"><div class=\"vc_col-sm-12 vc_gitem-col vc_gitem-col-align-\"><div class=\"vc_custom_heading vc_gitem-post-data vc_gitem-post-data-source-post_title\" ><h4 style=\"text-align: left\" >Galleria PromenArts \u2013 \u00cele de R\u00e9<\/h4><\/div><div class=\"vc_custom_heading vc_gitem-post-data vc_gitem-post-data-source-post_excerpt\" ><p style=\"text-align: left\" ><p>\u2022 \u00cele de R\u00e9 (17)<br \/>\n\u2022 Francia<br \/>\n\u2022 Aperta tutto l'anno<\/p>\n<\/p><\/div><div class=\"vc_btn3-container vc_btn3-left\" ><a onmouseenter=\"this.style.backgroundColor='#f23630'; this.style.color='#f7f7f7';\" onmouseleave=\"this.style.backgroundColor='#F4524D'; this.style.color='#fff';\" style=\"background-color:#F4524D; color:#fff;\" class=\"vc_general vc_btn3 vc_btn3-size-md vc_btn3-shape-rounded vc_btn3-style-flat\" href=\"https:\/\/www.liselotte-andersen.net\/it\/expositions-permanentes\/promenarts-la-baule\/\" title=\"\">Leggi tutto<\/a><\/div><\/div><\/div><\/div><\/div><\/div><div class=\"vc_clearfix\"><\/div><\/div><div class=\"vc_grid-item vc_clearfix vc_col-sm-4 vc_grid-item-zone-c-bottom\"><div class=\"vc_grid-item-mini vc_clearfix\"><div class=\"vc_gitem-animated-block\" ><div class=\"vc_gitem-zone vc_gitem-zone-a vc-gitem-zone-height-mode-auto vc-gitem-zone-height-mode-auto-1-1 vc_gitem-is-link\" style=\"background-image: url('https:\/\/www.liselotte-andersen.net\/wp-content\/uploads\/2025\/11\/Promenarts-ISLS-1-1024x1015.jpg') !important;\"><a href=\"https:\/\/www.liselotte-andersen.net\/it\/expositions-permanentes\/galerie-promenarts-isle-sur-la-sorgue\/\" title=\"Galerie PromenArts &#8211; \u00cele sur la Sorgue\" class=\"vc_gitem-link vc-zone-link\" ><\/a><img decoding=\"async\" class=\"vc_gitem-zone-img\" src=\"https:\/\/www.liselotte-andersen.net\/wp-content\/uploads\/2025\/11\/Promenarts-ISLS-1-1024x1015.jpg\" alt=\"\u2022 L\u2019Isle-sur-la-Sorgue (84) \u2022 Francia \u2022 Aperto tutto l&#039;anno\" loading=\"lazy\"><div class=\"vc_gitem-zone-mini\"><\/div><\/div><\/div><div class=\"vc_gitem-zone vc_gitem-zone-c vc_custom_1419240516480\"><div class=\"vc_gitem-zone-mini\"><div class=\"vc_gitem_row vc_row vc_gitem-row-position-top\"><div class=\"vc_col-sm-12 vc_gitem-col vc_gitem-col-align-\"><div class=\"vc_custom_heading vc_gitem-post-data vc_gitem-post-data-source-post_title\" ><h4 style=\"text-align: left\" >Galleria PromenArts \u2013 L'Isle-sur-la-Sorgue<\/h4><\/div><div class=\"vc_custom_heading vc_gitem-post-data vc_gitem-post-data-source-post_excerpt\" ><p style=\"text-align: left\" ><p>\u2022 L\u2019Isle-sur-la-Sorgue (84)<br \/>\n\u2022 Francia<br \/>\n\u2022 Aperta tutto l'anno<\/p>\n<\/p><\/div><div class=\"vc_btn3-container vc_btn3-left\" ><a onmouseenter=\"this.style.backgroundColor='#f23630'; this.style.color='#f7f7f7';\" onmouseleave=\"this.style.backgroundColor='#F4524D'; this.style.color='#fff';\" style=\"background-color:#F4524D; color:#fff;\" class=\"vc_general vc_btn3 vc_btn3-size-md vc_btn3-shape-rounded vc_btn3-style-flat\" href=\"https:\/\/www.liselotte-andersen.net\/it\/expositions-permanentes\/galerie-promenarts-isle-sur-la-sorgue\/\" title=\"\">Leggi tutto<\/a><\/div><\/div><\/div><\/div><\/div><\/div><div class=\"vc_clearfix\"><\/div><\/div><div class=\"vc_grid-item vc_clearfix vc_col-sm-4 vc_grid-item-zone-c-bottom\"><div class=\"vc_grid-item-mini vc_clearfix\"><div class=\"vc_gitem-animated-block\" ><div class=\"vc_gitem-zone vc_gitem-zone-a vc-gitem-zone-height-mode-auto vc-gitem-zone-height-mode-auto-1-1 vc_gitem-is-link\" style=\"background-image: url('https:\/\/www.liselotte-andersen.net\/wp-content\/uploads\/2025\/11\/artbyceline.jpg') !important;\"><a href=\"https:\/\/www.liselotte-andersen.net\/it\/expositions-permanentes\/galerie-art-by-celine\/\" title=\"Galleria Art By Celine\" class=\"vc_gitem-link vc-zone-link\" ><\/a><img decoding=\"async\" class=\"vc_gitem-zone-img\" src=\"https:\/\/www.liselotte-andersen.net\/wp-content\/uploads\/2025\/11\/artbyceline.jpg\" alt=\"\u2022 Dr\u00f4me (26) e Var (83)\u2022 Francia\u2022 Apertura a seconda degli eventi\" loading=\"lazy\"><div class=\"vc_gitem-zone-mini\"><\/div><\/div><\/div><div class=\"vc_gitem-zone vc_gitem-zone-c vc_custom_1419240516480\"><div class=\"vc_gitem-zone-mini\"><div class=\"vc_gitem_row vc_row vc_gitem-row-position-top\"><div class=\"vc_col-sm-12 vc_gitem-col vc_gitem-col-align-\"><div class=\"vc_custom_heading vc_gitem-post-data vc_gitem-post-data-source-post_title\" ><h4 style=\"text-align: left\" >Galleria Art By Celine<\/h4><\/div><div class=\"vc_custom_heading vc_gitem-post-data vc_gitem-post-data-source-post_excerpt\" ><p style=\"text-align: left\" ><p>\u2022 Dr\u00f4me (26) e Var (83)<br \/>\n\u2022 Francia<br \/>\n\u2022 Apertura secondo gli eventi<\/p>\n<\/p><\/div><div class=\"vc_btn3-container vc_btn3-left\" ><a onmouseenter=\"this.style.backgroundColor='#f23630'; this.style.color='#f7f7f7';\" onmouseleave=\"this.style.backgroundColor='#F4524D'; this.style.color='#fff';\" style=\"background-color:#F4524D; color:#fff;\" class=\"vc_general vc_btn3 vc_btn3-size-md vc_btn3-shape-rounded vc_btn3-style-flat\" href=\"https:\/\/www.liselotte-andersen.net\/it\/expositions-permanentes\/galerie-art-by-celine\/\" title=\"\">Leggi tutto<\/a><\/div><\/div><\/div><\/div><\/div><\/div><div class=\"vc_clearfix\"><\/div><\/div><div class=\"vc_grid-item vc_clearfix vc_col-sm-4 vc_grid-item-zone-c-bottom\"><div class=\"vc_grid-item-mini vc_clearfix\"><div class=\"vc_gitem-animated-block\" ><div class=\"vc_gitem-zone vc_gitem-zone-a vc-gitem-zone-height-mode-auto vc-gitem-zone-height-mode-auto-1-1 vc_gitem-is-link\" style=\"background-image: url('https:\/\/www.liselotte-andersen.net\/wp-content\/uploads\/2025\/11\/Nouvel-VAG.png') !important;\"><a href=\"https:\/\/www.liselotte-andersen.net\/it\/expositions-permanentes\/nouvel-vag-nouveau-village-des-antiquaires\/\" title=\"Nouvel VAG &#8211; Nouveau Village des Antiquaires\" class=\"vc_gitem-link vc-zone-link\" ><\/a><img decoding=\"async\" class=\"vc_gitem-zone-img\" src=\"https:\/\/www.liselotte-andersen.net\/wp-content\/uploads\/2025\/11\/Nouvel-VAG.png\" alt=\"\u2022 L&#039;Isle-sur-la-Sorgue (84) \u2022 Francia \u2022 Aperta tutto l&#039;anno\" loading=\"lazy\"><div class=\"vc_gitem-zone-mini\"><\/div><\/div><\/div><div class=\"vc_gitem-zone vc_gitem-zone-c vc_custom_1419240516480\"><div class=\"vc_gitem-zone-mini\"><div class=\"vc_gitem_row vc_row vc_gitem-row-position-top\"><div class=\"vc_col-sm-12 vc_gitem-col vc_gitem-col-align-\"><div class=\"vc_custom_heading vc_gitem-post-data vc_gitem-post-data-source-post_title\" ><h4 style=\"text-align: left\" >Nouvel VAG \u2013 Nouveau Village des Antiquaires<\/h4><\/div><div class=\"vc_custom_heading vc_gitem-post-data vc_gitem-post-data-source-post_excerpt\" ><p style=\"text-align: left\" ><p>\u2022 L\u2019Isle-sur-la-Sorgue (84)<br \/>\n\u2022 Francia<br \/>\n\u2022 Aperta tutto l'anno<\/p>\n<\/p><\/div><div class=\"vc_btn3-container vc_btn3-left\" ><a onmouseenter=\"this.style.backgroundColor='#f23630'; this.style.color='#f7f7f7';\" onmouseleave=\"this.style.backgroundColor='#F4524D'; this.style.color='#fff';\" style=\"background-color:#F4524D; color:#fff;\" class=\"vc_general vc_btn3 vc_btn3-size-md vc_btn3-shape-rounded vc_btn3-style-flat\" href=\"https:\/\/www.liselotte-andersen.net\/it\/expositions-permanentes\/nouvel-vag-nouveau-village-des-antiquaires\/\" title=\"\">Leggi tutto<\/a><\/div><\/div><\/div><\/div><\/div><\/div><div class=\"vc_clearfix\"><\/div><\/div><div class=\"vc_grid-item vc_clearfix vc_col-sm-4 vc_grid-item-zone-c-bottom\"><div class=\"vc_grid-item-mini vc_clearfix\"><div class=\"vc_gitem-animated-block\" ><div class=\"vc_gitem-zone vc_gitem-zone-a vc-gitem-zone-height-mode-auto vc-gitem-zone-height-mode-auto-1-1 vc_gitem-is-link\" style=\"background-image: url('https:\/\/www.liselotte-andersen.net\/wp-content\/uploads\/2025\/11\/Galerie-Art-27-768x1024.jpg') !important;\"><a href=\"https:\/\/www.liselotte-andersen.net\/it\/expositions-permanentes\/galerie-art-27\/\" title=\"Galleria ART 27\" class=\"vc_gitem-link vc-zone-link\" ><\/a><img decoding=\"async\" class=\"vc_gitem-zone-img\" src=\"https:\/\/www.liselotte-andersen.net\/wp-content\/uploads\/2025\/11\/Galerie-Art-27-768x1024.jpg\" alt=\"\u2022 Montauban (82)\u2022 Francia\u2022 Aperta tutto l&#039;anno\" loading=\"lazy\"><div class=\"vc_gitem-zone-mini\"><\/div><\/div><\/div><div class=\"vc_gitem-zone vc_gitem-zone-c vc_custom_1419240516480\"><div class=\"vc_gitem-zone-mini\"><div class=\"vc_gitem_row vc_row vc_gitem-row-position-top\"><div class=\"vc_col-sm-12 vc_gitem-col vc_gitem-col-align-\"><div class=\"vc_custom_heading vc_gitem-post-data vc_gitem-post-data-source-post_title\" ><h4 style=\"text-align: left\" >Galleria ART 27<\/h4><\/div><div class=\"vc_custom_heading vc_gitem-post-data vc_gitem-post-data-source-post_excerpt\" ><p style=\"text-align: left\" ><p>\u2022 Montauban (82)<br \/>\n\u2022 Francia<br \/>\n\u2022 Aperta tutto l'anno<\/p>\n<\/p><\/div><div class=\"vc_btn3-container vc_btn3-left\" ><a onmouseenter=\"this.style.backgroundColor='#f23630'; this.style.color='#f7f7f7';\" onmouseleave=\"this.style.backgroundColor='#F4524D'; this.style.color='#fff';\" style=\"background-color:#F4524D; color:#fff;\" class=\"vc_general vc_btn3 vc_btn3-size-md vc_btn3-shape-rounded vc_btn3-style-flat\" href=\"https:\/\/www.liselotte-andersen.net\/it\/expositions-permanentes\/galerie-art-27\/\" title=\"\">Leggi tutto<\/a><\/div><\/div><\/div><\/div><\/div><\/div><div class=\"vc_clearfix\"><\/div><\/div><div class=\"vc_grid-item vc_clearfix vc_col-sm-4 vc_grid-item-zone-c-bottom\"><div class=\"vc_grid-item-mini vc_clearfix\"><div class=\"vc_gitem-animated-block\" ><div class=\"vc_gitem-zone vc_gitem-zone-a vc-gitem-zone-height-mode-auto vc-gitem-zone-height-mode-auto-1-1 vc_gitem-is-link\" style=\"background-image: url('https:\/\/www.liselotte-andersen.net\/wp-content\/uploads\/2025\/11\/Carre-dartistes-1.jpg') !important;\"><a href=\"https:\/\/www.liselotte-andersen.net\/it\/expositions-permanentes\/galerie-carre-artistes\/\" title=\"Galleria Carr\u00e9 d\u2019Artistes\" class=\"vc_gitem-link vc-zone-link\" ><\/a><img decoding=\"async\" class=\"vc_gitem-zone-img\" src=\"https:\/\/www.liselotte-andersen.net\/wp-content\/uploads\/2025\/11\/Carre-dartistes-1.jpg\" alt=\"\u2022 Versailles (78)\u2022 Francia\u2022 Aperta tutto l&#039;anno\" loading=\"lazy\"><div class=\"vc_gitem-zone-mini\"><\/div><\/div><\/div><div class=\"vc_gitem-zone vc_gitem-zone-c vc_custom_1419240516480\"><div class=\"vc_gitem-zone-mini\"><div class=\"vc_gitem_row vc_row vc_gitem-row-position-top\"><div class=\"vc_col-sm-12 vc_gitem-col vc_gitem-col-align-\"><div class=\"vc_custom_heading vc_gitem-post-data vc_gitem-post-data-source-post_title\" ><h4 style=\"text-align: left\" >Galleria Carr\u00e9 d\u2019Artistes<\/h4><\/div><div class=\"vc_custom_heading vc_gitem-post-data vc_gitem-post-data-source-post_excerpt\" ><p style=\"text-align: left\" ><p>\u2022 Versailles (78)<br \/>\n\u2022 Francia<br \/>\n\u2022 Aperta tutto l'anno<\/p>\n<\/p><\/div><div class=\"vc_btn3-container vc_btn3-left\" ><a onmouseenter=\"this.style.backgroundColor='#f23630'; this.style.color='#f7f7f7';\" onmouseleave=\"this.style.backgroundColor='#F4524D'; this.style.color='#fff';\" style=\"background-color:#F4524D; color:#fff;\" class=\"vc_general vc_btn3 vc_btn3-size-md vc_btn3-shape-rounded vc_btn3-style-flat\" href=\"https:\/\/www.liselotte-andersen.net\/it\/expositions-permanentes\/galerie-carre-artistes\/\" title=\"\">Leggi tutto<\/a><\/div><\/div><\/div><\/div><\/div><\/div><div class=\"vc_clearfix\"><\/div><\/div><div class=\"vc_grid-item vc_clearfix vc_col-sm-4 vc_grid-item-zone-c-bottom\"><div class=\"vc_grid-item-mini vc_clearfix\"><div class=\"vc_gitem-animated-block\" ><div class=\"vc_gitem-zone vc_gitem-zone-a vc-gitem-zone-height-mode-auto vc-gitem-zone-height-mode-auto-1-1 vc_gitem-is-link\" style=\"background-image: url('https:\/\/www.liselotte-andersen.net\/wp-content\/uploads\/2025\/11\/Art-of-Happiness-vitrine-et-logo-1024x743.jpg') !important;\"><a href=\"https:\/\/www.liselotte-andersen.net\/it\/expositions-permanentes\/art-of-happiness-gallery\/\" title=\"Galleria Art Of Happiness\" class=\"vc_gitem-link vc-zone-link\" ><\/a><img decoding=\"async\" class=\"vc_gitem-zone-img\" src=\"https:\/\/www.liselotte-andersen.net\/wp-content\/uploads\/2025\/11\/Art-of-Happiness-vitrine-et-logo-1024x743.jpg\" alt=\"\u2022 Scherpenheuvel \u2022 Belgio \u2022 Chiusa\" loading=\"lazy\"><div class=\"vc_gitem-zone-mini\"><\/div><\/div><\/div><div class=\"vc_gitem-zone vc_gitem-zone-c vc_custom_1419240516480\"><div class=\"vc_gitem-zone-mini\"><div class=\"vc_gitem_row vc_row vc_gitem-row-position-top\"><div class=\"vc_col-sm-12 vc_gitem-col vc_gitem-col-align-\"><div class=\"vc_custom_heading vc_gitem-post-data vc_gitem-post-data-source-post_title\" ><h4 style=\"text-align: left\" >Galleria Art Of Happiness<\/h4><\/div><div class=\"vc_custom_heading vc_gitem-post-data vc_gitem-post-data-source-post_excerpt\" ><p style=\"text-align: left\" ><p>Scherpenheuvel<br \/>\n\u2022 Belgio<br \/>\n\u2022 Chiusa<\/p>\n<\/p><\/div><div class=\"vc_btn3-container vc_btn3-left\" ><a onmouseenter=\"this.style.backgroundColor='#f23630'; this.style.color='#f7f7f7';\" onmouseleave=\"this.style.backgroundColor='#F4524D'; this.style.color='#fff';\" style=\"background-color:#F4524D; color:#fff;\" class=\"vc_general vc_btn3 vc_btn3-size-md vc_btn3-shape-rounded vc_btn3-style-flat\" href=\"https:\/\/www.liselotte-andersen.net\/it\/expositions-permanentes\/art-of-happiness-gallery\/\" title=\"\">Leggi tutto<\/a><\/div><\/div><\/div><\/div><\/div><\/div><div class=\"vc_clearfix\"><\/div><\/div><div class=\"vc_grid-item vc_clearfix vc_col-sm-4 vc_grid-item-zone-c-bottom\"><div class=\"vc_grid-item-mini vc_clearfix\"><div class=\"vc_gitem-animated-block\" ><div class=\"vc_gitem-zone vc_gitem-zone-a vc-gitem-zone-height-mode-auto vc-gitem-zone-height-mode-auto-1-1 vc_gitem-is-link\" style=\"background-image: url('https:\/\/www.liselotte-andersen.net\/wp-content\/uploads\/2025\/11\/Artsper-1024x984.jpg') !important;\"><a href=\"https:\/\/www.liselotte-andersen.net\/it\/expositions-permanentes\/artsper\/\" title=\"ARTSPER\" class=\"vc_gitem-link vc-zone-link\" ><\/a><img decoding=\"async\" class=\"vc_gitem-zone-img\" src=\"https:\/\/www.liselotte-andersen.net\/wp-content\/uploads\/2025\/11\/Artsper-1024x984.jpg\" alt=\"\u2022 Galleria online\u2022 Internazionale\" loading=\"lazy\"><div class=\"vc_gitem-zone-mini\"><\/div><\/div><\/div><div class=\"vc_gitem-zone vc_gitem-zone-c vc_custom_1419240516480\"><div class=\"vc_gitem-zone-mini\"><div class=\"vc_gitem_row vc_row vc_gitem-row-position-top\"><div class=\"vc_col-sm-12 vc_gitem-col vc_gitem-col-align-\"><div class=\"vc_custom_heading vc_gitem-post-data vc_gitem-post-data-source-post_title\" ><h4 style=\"text-align: left\" >ARTSPER<\/h4><\/div><div class=\"vc_custom_heading vc_gitem-post-data vc_gitem-post-data-source-post_excerpt\" ><p style=\"text-align: left\" ><p>\u2022 Galleria online<br \/>\n\u2022 Internazionale<\/p>\n<\/p><\/div><div class=\"vc_btn3-container vc_btn3-left\" ><a onmouseenter=\"this.style.backgroundColor='#f23630'; this.style.color='#f7f7f7';\" onmouseleave=\"this.style.backgroundColor='#F4524D'; this.style.color='#fff';\" style=\"background-color:#F4524D; color:#fff;\" class=\"vc_general vc_btn3 vc_btn3-size-md vc_btn3-shape-rounded vc_btn3-style-flat\" href=\"https:\/\/www.liselotte-andersen.net\/it\/expositions-permanentes\/artsper\/\" title=\"\">Leggi tutto<\/a><\/div><\/div><\/div><\/div><\/div><\/div><div class=\"vc_clearfix\"><\/div><\/div><div class=\"vc_grid-item vc_clearfix vc_col-sm-4 vc_grid-item-zone-c-bottom\"><div class=\"vc_grid-item-mini vc_clearfix\"><div class=\"vc_gitem-animated-block\" ><div class=\"vc_gitem-zone vc_gitem-zone-a vc-gitem-zone-height-mode-auto vc-gitem-zone-height-mode-auto-1-1 vc_gitem-is-link\" style=\"background-image: url('https:\/\/www.liselotte-andersen.net\/wp-content\/uploads\/2025\/11\/promenart-ile-de-Re-773x1024.jpg') !important;\"><a href=\"https:\/\/www.liselotte-andersen.net\/it\/expositions-permanentes\/galerie-promenarts-ile-de-re\/\" title=\"Galerie PromenArts &#8211; La Baule\" class=\"vc_gitem-link vc-zone-link\" ><\/a><img decoding=\"async\" class=\"vc_gitem-zone-img\" src=\"https:\/\/www.liselotte-andersen.net\/wp-content\/uploads\/2025\/11\/promenart-ile-de-Re-773x1024.jpg\" alt=\"\u2022 La Baule (44) \u2022 Francia \u2022 Aperto tutto l&#039;anno\" loading=\"lazy\"><div class=\"vc_gitem-zone-mini\"><\/div><\/div><\/div><div class=\"vc_gitem-zone vc_gitem-zone-c vc_custom_1419240516480\"><div class=\"vc_gitem-zone-mini\"><div class=\"vc_gitem_row vc_row vc_gitem-row-position-top\"><div class=\"vc_col-sm-12 vc_gitem-col vc_gitem-col-align-\"><div class=\"vc_custom_heading vc_gitem-post-data vc_gitem-post-data-source-post_title\" ><h4 style=\"text-align: left\" >Galleria PromenArts \u2013 La Baule<\/h4><\/div><div class=\"vc_custom_heading vc_gitem-post-data vc_gitem-post-data-source-post_excerpt\" ><p style=\"text-align: left\" ><p>\u2022 La Baule (44)<br \/>\n\u2022 Francia<br \/>\n\u2022 Aperta tutto l'anno<\/p>\n<\/p><\/div><div class=\"vc_btn3-container vc_btn3-left\" ><a onmouseenter=\"this.style.backgroundColor='#f23630'; this.style.color='#f7f7f7';\" onmouseleave=\"this.style.backgroundColor='#F4524D'; this.style.color='#fff';\" style=\"background-color:#F4524D; color:#fff;\" class=\"vc_general vc_btn3 vc_btn3-size-md vc_btn3-shape-rounded vc_btn3-style-flat\" href=\"https:\/\/www.liselotte-andersen.net\/it\/expositions-permanentes\/galerie-promenarts-ile-de-re\/\" title=\"\">Leggi tutto<\/a><\/div><\/div><\/div><\/div><\/div><\/div><div class=\"vc_clearfix\"><\/div><\/div><\/div><\/div>\n\t<\/div>\n<\/div><section class=\"vc_cta3-container\" style=\"width:60%;\"><div class=\"vc_general vc_do_cta3 vc_cta3 vc_cta3-style-3d vc_cta3-shape-square vc_cta3-align-center vc_cta3-icon-size-md  wpb_animate_when_almost_visible wpb_fadeIn fadeIn\" style=\"background-color:#ebebeb; box-shadow: 0 5px 0 #cfcfcf;\"><div class=\"vc_cta3_content-container\"><div class=\"vc_cta3-content\" style=\"color:#9d9d9e;\"><header class=\"vc_cta3-content-header\"><h3 style=\"text-align: center\" class=\"vc_custom_heading vc_do_custom_heading\" >Ricevere le mie notizie?<\/h3><\/header><p><a href=\"\/it\/newsletter\/\">Iscriviti alla mia Newsletter<\/a><\/p>\n<\/div><\/div><\/div><\/section><\/div><\/div><\/div><\/div><\/div>\n<\/div>","protected":false},"excerpt":{"rendered":"Expositions permanentes Je travaille en collaboration avec plusieurs galeries dont l'expertise et le rayonnement sont pr\u00e9cieux. Ce qui me permet par ailleurs d'\u00eatre expos\u00e9e en permanence, en parall\u00e8le aux expositions personnelles \u00e9ph\u00e9m\u00e8res que j'organise quelques semaines par an dans des lieux d'exception. Galerie Vision &#8211; Tourtour\u2022 Tourtour (83) \u2022 France \u2022 Ouverte avril-octobre Leggi tuttoGalerie&hellip;","protected":false},"author":1,"featured_media":0,"parent":0,"menu_order":7,"comment_status":"closed","ping_status":"closed","template":"","meta":{"_acf_changed":false,"footnotes":""},"class_list":["post-64714","page","type-page","status-publish","hentry"],"acf":[],"yoast_head":"<!-- This site is optimized with the Yoast SEO plugin v28.4 - https:\/\/yoast.com\/product\/yoast-seo-wordpress\/ -->\n<title>Expositions permanentes - Liselotte Andersen - Sculptures en bronze<\/title>\n<meta name=\"description\" content=\"Collaboration avec plusieurs galeries dont la qualit\u00e9 et le rayonnement sont pr\u00e9cieux : PromenArts, Art 27, Nouvel ART, Art By Celine,...\" \/>\n<meta name=\"robots\" content=\"index, follow, max-snippet:-1, max-image-preview:large, max-video-preview:-1\" \/>\n<link rel=\"canonical\" href=\"https:\/\/www.liselotte-andersen.net\/it\/esposizioni-permanenti\/\" \/>\n<meta property=\"og:locale\" content=\"it_IT\" \/>\n<meta property=\"og:type\" content=\"article\" \/>\n<meta property=\"og:title\" content=\"Expositions permanentes - Liselotte Andersen - Sculptures en bronze\" \/>\n<meta property=\"og:description\" content=\"Collaboration avec plusieurs galeries dont la qualit\u00e9 et le rayonnement sont pr\u00e9cieux : PromenArts, Art 27, Nouvel ART, Art By Celine,...\" \/>\n<meta property=\"og:url\" content=\"https:\/\/www.liselotte-andersen.net\/it\/esposizioni-permanenti\/\" \/>\n<meta property=\"og:site_name\" content=\"Liselotte Andersen\" \/>\n<meta property=\"article:modified_time\" content=\"2026-02-13T12:28:38+00:00\" \/>\n<meta property=\"og:image\" content=\"https:\/\/www.liselotte-andersen.net\/wp-content\/uploads\/2025\/07\/Logo-bronze-LA-BR-e1751834958356.png\" \/>\n\t<meta property=\"og:image:width\" content=\"754\" \/>\n\t<meta property=\"og:image:height\" content=\"744\" \/>\n\t<meta property=\"og:image:type\" content=\"image\/png\" \/>\n<meta name=\"twitter:card\" content=\"summary_large_image\" \/>\n<meta name=\"twitter:label1\" content=\"Tempo di lettura stimato\" \/>\n\t<meta name=\"twitter:data1\" content=\"1 minuto\" \/>\n<script type=\"application\/ld+json\" class=\"yoast-schema-graph\">{\"@context\":\"https:\\\/\\\/schema.org\",\"@graph\":[{\"@type\":\"WebPage\",\"@id\":\"https:\\\/\\\/www.liselotte-andersen.net\\\/expositions-permanentes\\\/\",\"url\":\"https:\\\/\\\/www.liselotte-andersen.net\\\/expositions-permanentes\\\/\",\"name\":\"Expositions permanentes - Liselotte Andersen - Sculptures en bronze\",\"isPartOf\":{\"@id\":\"https:\\\/\\\/www.liselotte-andersen.net\\\/#website\"},\"datePublished\":\"2025-05-05T14:21:41+00:00\",\"dateModified\":\"2026-02-13T12:28:38+00:00\",\"description\":\"Collaboration avec plusieurs galeries dont la qualit\u00e9 et le rayonnement sont pr\u00e9cieux : PromenArts, Art 27, Nouvel ART, Art By Celine,...\",\"breadcrumb\":{\"@id\":\"https:\\\/\\\/www.liselotte-andersen.net\\\/expositions-permanentes\\\/#breadcrumb\"},\"inLanguage\":\"it-IT\",\"potentialAction\":[{\"@type\":\"ReadAction\",\"target\":[\"https:\\\/\\\/www.liselotte-andersen.net\\\/expositions-permanentes\\\/\"]}]},{\"@type\":\"BreadcrumbList\",\"@id\":\"https:\\\/\\\/www.liselotte-andersen.net\\\/expositions-permanentes\\\/#breadcrumb\",\"itemListElement\":[{\"@type\":\"ListItem\",\"position\":1,\"name\":\"Accueil\",\"item\":\"https:\\\/\\\/www.liselotte-andersen.net\\\/\"},{\"@type\":\"ListItem\",\"position\":2,\"name\":\"Expositions permanentes\"}]},{\"@type\":\"WebSite\",\"@id\":\"https:\\\/\\\/www.liselotte-andersen.net\\\/#website\",\"url\":\"https:\\\/\\\/www.liselotte-andersen.net\\\/\",\"name\":\"Liselotte Andersen\",\"description\":\"Sculptrice\",\"publisher\":{\"@id\":\"https:\\\/\\\/www.liselotte-andersen.net\\\/#\\\/schema\\\/person\\\/e6287e36a81c443bc328eaa434927efc\"},\"potentialAction\":[{\"@type\":\"SearchAction\",\"target\":{\"@type\":\"EntryPoint\",\"urlTemplate\":\"https:\\\/\\\/www.liselotte-andersen.net\\\/?s={search_term_string}\"},\"query-input\":{\"@type\":\"PropertyValueSpecification\",\"valueRequired\":true,\"valueName\":\"search_term_string\"}}],\"inLanguage\":\"it-IT\"},{\"@type\":[\"Person\",\"Organization\"],\"@id\":\"https:\\\/\\\/www.liselotte-andersen.net\\\/#\\\/schema\\\/person\\\/e6287e36a81c443bc328eaa434927efc\",\"name\":\"Liselotte\",\"image\":{\"@type\":\"ImageObject\",\"inLanguage\":\"it-IT\",\"@id\":\"https:\\\/\\\/www.liselotte-andersen.net\\\/wp-content\\\/uploads\\\/2025\\\/07\\\/Logo-bronze-LA-BR-e1751834958356.png\",\"url\":\"https:\\\/\\\/www.liselotte-andersen.net\\\/wp-content\\\/uploads\\\/2025\\\/07\\\/Logo-bronze-LA-BR-e1751834958356.png\",\"contentUrl\":\"https:\\\/\\\/www.liselotte-andersen.net\\\/wp-content\\\/uploads\\\/2025\\\/07\\\/Logo-bronze-LA-BR-e1751834958356.png\",\"width\":754,\"height\":744,\"caption\":\"Liselotte\"},\"logo\":{\"@id\":\"https:\\\/\\\/www.liselotte-andersen.net\\\/wp-content\\\/uploads\\\/2025\\\/07\\\/Logo-bronze-LA-BR-e1751834958356.png\"},\"sameAs\":[\"http:\\\/\\\/www.liselotte-andersen.net\"]}]}<\/script>\n<!-- \/ Yoast SEO plugin. -->","yoast_head_json":{"title":"Mostre permanenti - Liselotte Andersen - Sculture in bronzo","description":"Collaborazione con diverse gallerie di preziosa qualit\u00e0 e prestigio: PromenArts, Art 27, Nouvel ART, Art By Celine,...","robots":{"index":"index","follow":"follow","max-snippet":"max-snippet:-1","max-image-preview":"max-image-preview:large","max-video-preview":"max-video-preview:-1"},"canonical":"https:\/\/www.liselotte-andersen.net\/it\/esposizioni-permanenti\/","og_locale":"it_IT","og_type":"article","og_title":"Expositions permanentes - Liselotte Andersen - Sculptures en bronze","og_description":"Collaboration avec plusieurs galeries dont la qualit\u00e9 et le rayonnement sont pr\u00e9cieux : PromenArts, Art 27, Nouvel ART, Art By Celine,...","og_url":"https:\/\/www.liselotte-andersen.net\/it\/esposizioni-permanenti\/","og_site_name":"Liselotte Andersen","article_modified_time":"2026-02-13T12:28:38+00:00","og_image":[{"width":754,"height":744,"url":"https:\/\/www.liselotte-andersen.net\/wp-content\/uploads\/2025\/07\/Logo-bronze-LA-BR-e1751834958356.png","type":"image\/png"}],"twitter_card":"summary_large_image","twitter_misc":{"Tempo di lettura stimato":"1 minuto"},"schema":{"@context":"https:\/\/schema.org","@graph":[{"@type":"WebPage","@id":"https:\/\/www.liselotte-andersen.net\/expositions-permanentes\/","url":"https:\/\/www.liselotte-andersen.net\/expositions-permanentes\/","name":"Mostre permanenti - Liselotte Andersen - Sculture in bronzo","isPartOf":{"@id":"https:\/\/www.liselotte-andersen.net\/#website"},"datePublished":"2025-05-05T14:21:41+00:00","dateModified":"2026-02-13T12:28:38+00:00","description":"Collaborazione con diverse gallerie di preziosa qualit\u00e0 e prestigio: PromenArts, Art 27, Nouvel ART, Art By Celine,...","breadcrumb":{"@id":"https:\/\/www.liselotte-andersen.net\/expositions-permanentes\/#breadcrumb"},"inLanguage":"it-IT","potentialAction":[{"@type":"ReadAction","target":["https:\/\/www.liselotte-andersen.net\/expositions-permanentes\/"]}]},{"@type":"BreadcrumbList","@id":"https:\/\/www.liselotte-andersen.net\/expositions-permanentes\/#breadcrumb","itemListElement":[{"@type":"ListItem","position":1,"name":"Accueil","item":"https:\/\/www.liselotte-andersen.net\/"},{"@type":"ListItem","position":2,"name":"Expositions permanentes"}]},{"@type":"WebSite","@id":"https:\/\/www.liselotte-andersen.net\/#website","url":"https:\/\/www.liselotte-andersen.net\/","name":"Liselotte Andersen","description":"Scultrice","publisher":{"@id":"https:\/\/www.liselotte-andersen.net\/#\/schema\/person\/e6287e36a81c443bc328eaa434927efc"},"potentialAction":[{"@type":"SearchAction","target":{"@type":"EntryPoint","urlTemplate":"https:\/\/www.liselotte-andersen.net\/?s={search_term_string}"},"query-input":{"@type":"PropertyValueSpecification","valueRequired":true,"valueName":"search_term_string"}}],"inLanguage":"it-IT"},{"@type":["Person","Organization"],"@id":"https:\/\/www.liselotte-andersen.net\/#\/schema\/person\/e6287e36a81c443bc328eaa434927efc","name":"Liselotte","image":{"@type":"ImageObject","inLanguage":"it-IT","@id":"https:\/\/www.liselotte-andersen.net\/wp-content\/uploads\/2025\/07\/Logo-bronze-LA-BR-e1751834958356.png","url":"https:\/\/www.liselotte-andersen.net\/wp-content\/uploads\/2025\/07\/Logo-bronze-LA-BR-e1751834958356.png","contentUrl":"https:\/\/www.liselotte-andersen.net\/wp-content\/uploads\/2025\/07\/Logo-bronze-LA-BR-e1751834958356.png","width":754,"height":744,"caption":"Liselotte"},"logo":{"@id":"https:\/\/www.liselotte-andersen.net\/wp-content\/uploads\/2025\/07\/Logo-bronze-LA-BR-e1751834958356.png"},"sameAs":["http:\/\/www.liselotte-andersen.net"]}]}},"_links":{"self":[{"href":"https:\/\/www.liselotte-andersen.net\/it\/wp-json\/wp\/v2\/pages\/64714","targetHints":{"allow":["GET"]}}],"collection":[{"href":"https:\/\/www.liselotte-andersen.net\/it\/wp-json\/wp\/v2\/pages"}],"about":[{"href":"https:\/\/www.liselotte-andersen.net\/it\/wp-json\/wp\/v2\/types\/page"}],"author":[{"embeddable":true,"href":"https:\/\/www.liselotte-andersen.net\/it\/wp-json\/wp\/v2\/users\/1"}],"replies":[{"embeddable":true,"href":"https:\/\/www.liselotte-andersen.net\/it\/wp-json\/wp\/v2\/comments?post=64714"}],"version-history":[{"count":1,"href":"https:\/\/www.liselotte-andersen.net\/it\/wp-json\/wp\/v2\/pages\/64714\/revisions"}],"predecessor-version":[{"id":67457,"href":"https:\/\/www.liselotte-andersen.net\/it\/wp-json\/wp\/v2\/pages\/64714\/revisions\/67457"}],"wp:attachment":[{"href":"https:\/\/www.liselotte-andersen.net\/it\/wp-json\/wp\/v2\/media?parent=64714"}],"curies":[{"name":"wp","href":"https:\/\/api.w.org\/{rel}","templated":true}]}}