{"id":2340,"date":"2015-03-13T09:29:27","date_gmt":"2015-03-13T09:29:27","guid":{"rendered":"http:\/\/demo-content.kaliumtheme.com\/main\/?page_id=2340"},"modified":"2026-02-13T12:41:05","modified_gmt":"2026-02-13T11:41:05","slug":"biografia","status":"publish","type":"page","link":"https:\/\/www.liselotte-andersen.net\/it\/biographie\/","title":{"rendered":"Biografia"},"content":{"rendered":"<div class=\"wpb-content-wrapper\" id=\"wpb-content-root\"><div class=\"vc-row-container container\"><div class=\"vc_row wpb_row vc_row-fluid vc_custom_1753185823237\"><div class=\"wpb_column vc_column_container vc_col-sm-12\"><div class=\"vc_column-inner\"><div class=\"wpb_wrapper\"><div class=\"section-title\">\n    <h1>Biografia<\/h1>\n<\/div><\/div><\/div><\/div><\/div><\/div><div class=\"vc-row-container container\"><div class=\"vc_row wpb_row vc_row-fluid\"><div class=\"wpb_column vc_column_container vc_col-sm-12\"><div class=\"vc_column-inner\"><div class=\"wpb_wrapper\"><div class=\"vc_row wpb_row vc_inner vc_row-fluid vc_row-o-equal-height vc_row-o-content-middle vc_row-flex\"><div class=\"wpb_column vc_column_container vc_col-sm-5\"><div class=\"vc_column-inner\"><div class=\"wpb_wrapper\">\n\t<div  class=\"wpb_single_image wpb_content_element vc_align_left wpb_content_element\">\n\t\t\n\t\t<figure class=\"wpb_wrapper vc_figure\">\n\t\t\t<div class=\"vc_single_image-wrapper\"><img loading=\"lazy\" decoding=\"async\" width=\"800\" height=\"800\" src=\"https:\/\/www.liselotte-andersen.net\/wp-content\/uploads\/2025\/09\/W009_Liselotte2020_VG-BO.jpg\" class=\"vc_single_image-img attachment-large\" alt=\"\" title=\"W009_Liselotte2020_VG BO\" srcset=\"https:\/\/www.liselotte-andersen.net\/wp-content\/uploads\/2025\/09\/W009_Liselotte2020_VG-BO.jpg 800w, https:\/\/www.liselotte-andersen.net\/wp-content\/uploads\/2025\/09\/W009_Liselotte2020_VG-BO-300x300.jpg 300w, https:\/\/www.liselotte-andersen.net\/wp-content\/uploads\/2025\/09\/W009_Liselotte2020_VG-BO-150x150.jpg 150w, https:\/\/www.liselotte-andersen.net\/wp-content\/uploads\/2025\/09\/W009_Liselotte2020_VG-BO-768x768.jpg 768w, https:\/\/www.liselotte-andersen.net\/wp-content\/uploads\/2025\/09\/W009_Liselotte2020_VG-BO-468x468.jpg 468w, https:\/\/www.liselotte-andersen.net\/wp-content\/uploads\/2025\/09\/W009_Liselotte2020_VG-BO-558x558.jpg 558w, https:\/\/www.liselotte-andersen.net\/wp-content\/uploads\/2025\/09\/W009_Liselotte2020_VG-BO-700x700.jpg 700w, https:\/\/www.liselotte-andersen.net\/wp-content\/uploads\/2025\/09\/W009_Liselotte2020_VG-BO-120x120.jpg 120w\" sizes=\"auto, (max-width: 800px) 100vw, 800px\" \/><\/div>\n\t\t<\/figure>\n\t<\/div>\n<\/div><\/div><\/div><div class=\"wpb_column vc_column_container vc_col-sm-7\"><div class=\"vc_column-inner\"><div class=\"wpb_wrapper\">\n\t<div class=\"wpb_text_column wpb_content_element post-formatting\" >\n\t\t<div class=\"wpb_wrapper\">\n\t\t\t<h2>\u00ab La creazione \u00e8 un percorso straordinario verso se stessi e verso gli altri \u00bb<\/h2>\n<p>Nata nel 1968, di nazionalit\u00e0 francese e danese, Liselotte Andersen si \u00e8 stabilita in Provenza nel 2002, dopo periodi di vita in Nord Africa, in Danimarca, in Asia centrale e a Parigi.<br \/>\nHa lavorato a lungo presso l'UNESCO sui temi, in particolare, della Cultura della Pace e della Non-violenza e della conservazione del patrimonio naturale e culturale, tutte fonti di ispirazione per le sue creazioni nel corso del tempo.<\/p>\n<p>Le arti figurative \u2013 la scultura e il disegno in particolare \u2013 hanno sempre fatto parte della sua vita. Ha frequentato laboratori aperti presso le Belle Arti di Aix-en-Provence per diversi anni, ha svolto tirocioni e seguito corsi di formazione sulle fasi della modellazione fino alla Fonderia d'Arte. Ha inoltre potuto perfezionare le sue tecniche da autodidatta e al fianco di diversi artisti che le hanno aperto il loro studio. E il processo di apprendimento autodidatta \u00e8 ovviamente continuo...<\/p>\n<p>La terra, la cera, le leghe che danno vita al bronzo e i pigmenti sono i suoi materiali preferiti.<\/p>\n<p>Espone in Francia e all'estero dal 1991, in collaborazione con gallerie permanenti o in qualit\u00e0 di organizzatrice delle proprie mostre temporanee in spazi pubblici e privati e nell'ambito di fiere internazionali.<\/p>\n\n\t\t<\/div>\n\t<\/div>\n<\/div><\/div><\/div><\/div><\/div><\/div><\/div><\/div><\/div><div class=\"vc-row-container container\"><div class=\"vc_row wpb_row vc_row-fluid\"><div class=\"wpb_column vc_column_container vc_col-sm-12\"><div class=\"vc_column-inner\"><div class=\"wpb_wrapper\"><div class=\"vc_row wpb_row vc_inner vc_row-fluid reverse-box vc_row-o-equal-height vc_row-o-content-middle vc_row-flex\"><div class=\"wpb_column vc_column_container vc_col-sm-5\"><div class=\"vc_column-inner\"><div class=\"wpb_wrapper\">\n\t<div  class=\"wpb_single_image wpb_content_element vc_align_left wpb_content_element\">\n\t\t\n\t\t<figure class=\"wpb_wrapper vc_figure\">\n\t\t\t<div class=\"vc_single_image-wrapper\"><img loading=\"lazy\" decoding=\"async\" width=\"800\" height=\"800\" src=\"https:\/\/www.liselotte-andersen.net\/wp-content\/uploads\/2025\/09\/W026_Liselotte2020_VG-BO.jpg\" class=\"vc_single_image-img attachment-large\" alt=\"\" title=\"W026_Liselotte2020_VG BO\" srcset=\"https:\/\/www.liselotte-andersen.net\/wp-content\/uploads\/2025\/09\/W026_Liselotte2020_VG-BO.jpg 800w, https:\/\/www.liselotte-andersen.net\/wp-content\/uploads\/2025\/09\/W026_Liselotte2020_VG-BO-300x300.jpg 300w, https:\/\/www.liselotte-andersen.net\/wp-content\/uploads\/2025\/09\/W026_Liselotte2020_VG-BO-150x150.jpg 150w, https:\/\/www.liselotte-andersen.net\/wp-content\/uploads\/2025\/09\/W026_Liselotte2020_VG-BO-768x768.jpg 768w, https:\/\/www.liselotte-andersen.net\/wp-content\/uploads\/2025\/09\/W026_Liselotte2020_VG-BO-468x468.jpg 468w, https:\/\/www.liselotte-andersen.net\/wp-content\/uploads\/2025\/09\/W026_Liselotte2020_VG-BO-558x558.jpg 558w, https:\/\/www.liselotte-andersen.net\/wp-content\/uploads\/2025\/09\/W026_Liselotte2020_VG-BO-700x700.jpg 700w, https:\/\/www.liselotte-andersen.net\/wp-content\/uploads\/2025\/09\/W026_Liselotte2020_VG-BO-120x120.jpg 120w\" sizes=\"auto, (max-width: 800px) 100vw, 800px\" \/><\/div>\n\t\t<\/figure>\n\t<\/div>\n<\/div><\/div><\/div><div class=\"wpb_column vc_column_container vc_col-sm-7\"><div class=\"vc_column-inner\"><div class=\"wpb_wrapper\">\n\t<div class=\"wpb_text_column wpb_content_element post-formatting\" >\n\t\t<div class=\"wpb_wrapper\">\n\t\t\t<h2>Il legame come principale fonte di ispirazione<\/h2>\n<p>La sua ispirazione esplora in modo suggestivo ed epurato gli atteggiamenti e le interazioni umane.<\/p>\n<p>Le connessioni particolari, la sfida della coesistenza delle nostre diversit\u00e0, il rispetto dell'altro, l'amore incondizionato che rappresenta il legame filiale, la collocazione nel gruppo, i momenti preziosi di scambio e condivisione\u2026<br \/>\n\u2026sono altrettanti valori che la guidano e che si esprimono nelle sue creazioni plastiche.<\/p>\n<p>Le sue sculture evocano il movimento e l'emozione, ricordando l'influenza di artisti come Alberto Giacometti, noto per le sue figure snelle e stilizzate, Henry Moore, celebre per le sue forme organiche e astratte, o ancora Brancusi per la sua astrazione scultorea.<\/p>\n\n\t\t<\/div>\n\t<\/div>\n<\/div><\/div><\/div><\/div><\/div><\/div><\/div><\/div><\/div><div class=\"vc-row-container container\"><div class=\"vc_row wpb_row vc_row-fluid\"><div class=\"wpb_column vc_column_container vc_col-sm-12\"><div class=\"vc_column-inner\"><div class=\"wpb_wrapper\"><div class=\"vc_row wpb_row vc_inner vc_row-fluid vc_row-o-equal-height vc_row-o-content-middle vc_row-flex\"><div class=\"wpb_column vc_column_container vc_col-sm-5\"><div class=\"vc_column-inner\"><div class=\"wpb_wrapper\">\n\t<div  class=\"wpb_single_image wpb_content_element vc_align_left wpb_content_element\">\n\t\t\n\t\t<figure class=\"wpb_wrapper vc_figure\">\n\t\t\t<div class=\"vc_single_image-wrapper\"><img loading=\"lazy\" decoding=\"async\" width=\"800\" height=\"800\" src=\"https:\/\/www.liselotte-andersen.net\/wp-content\/uploads\/2025\/09\/W020_Liselotte2020_VG-BO.jpg\" class=\"vc_single_image-img attachment-large\" alt=\"\" title=\"W020_Liselotte2020_VG BO\" srcset=\"https:\/\/www.liselotte-andersen.net\/wp-content\/uploads\/2025\/09\/W020_Liselotte2020_VG-BO.jpg 800w, https:\/\/www.liselotte-andersen.net\/wp-content\/uploads\/2025\/09\/W020_Liselotte2020_VG-BO-300x300.jpg 300w, https:\/\/www.liselotte-andersen.net\/wp-content\/uploads\/2025\/09\/W020_Liselotte2020_VG-BO-150x150.jpg 150w, https:\/\/www.liselotte-andersen.net\/wp-content\/uploads\/2025\/09\/W020_Liselotte2020_VG-BO-768x768.jpg 768w, https:\/\/www.liselotte-andersen.net\/wp-content\/uploads\/2025\/09\/W020_Liselotte2020_VG-BO-468x468.jpg 468w, https:\/\/www.liselotte-andersen.net\/wp-content\/uploads\/2025\/09\/W020_Liselotte2020_VG-BO-558x558.jpg 558w, https:\/\/www.liselotte-andersen.net\/wp-content\/uploads\/2025\/09\/W020_Liselotte2020_VG-BO-700x700.jpg 700w, https:\/\/www.liselotte-andersen.net\/wp-content\/uploads\/2025\/09\/W020_Liselotte2020_VG-BO-120x120.jpg 120w\" sizes=\"auto, (max-width: 800px) 100vw, 800px\" \/><\/div>\n\t\t<\/figure>\n\t<\/div>\n<\/div><\/div><\/div><div class=\"wpb_column vc_column_container vc_col-sm-7\"><div class=\"vc_column-inner\"><div class=\"wpb_wrapper\">\n\t<div class=\"wpb_text_column wpb_content_element post-formatting\" >\n\t\t<div class=\"wpb_wrapper\">\n\t\t\t<h2>Tra le sue opere notevoli,<\/h2>\n<p>\u00ab Over the moon \u00bb testimonia la sua esplorazione del legame amoroso in una realizzazione aerea e longilinea che sfida la densit\u00e0 del materiale.<br \/>\n\u00abEtats d\u2019esprit\u00bb cattura la diversit\u00e0 delle posture umane con un'eleganza minimalista.<\/p>\n<p>Liselotte Andersen \u00e8 rappresentata stabilmente da diverse gallerie e le sue sculture sono inoltre presentate in mostre temporanee in Francia e a livello internazionale in spazi pubblici o privati, in particolare al Grand Palais di Parigi e nell'ambito di fiere internazionali come il Luxembourg International Art Fair.<\/p>\n<p>Il suo lavoro riflette una ricerca costante di espressione spontanea, di sperimentazione dei materiali e di dialogo tra le forme e lo spazio, inserendo la sua opera nella tradizione degli scultori del ventesimo secolo.<\/p>\n\n\t\t<\/div>\n\t<\/div>\n<\/div><\/div><\/div><\/div><\/div><\/div><\/div><\/div><\/div><div class=\"vc-row-container container\"><div class=\"vc_row wpb_row vc_row-fluid\"><div class=\"wpb_column vc_column_container vc_col-sm-12\"><div class=\"vc_column-inner\"><div class=\"wpb_wrapper\"><div class=\"vc_row wpb_row vc_inner vc_row-fluid reverse-box vc_row-o-equal-height vc_row-o-content-middle vc_row-flex\"><div class=\"wpb_column vc_column_container vc_col-sm-5\"><div class=\"vc_column-inner\"><div class=\"wpb_wrapper\">\n\t<div  class=\"wpb_single_image wpb_content_element vc_align_left wpb_content_element\">\n\t\t\n\t\t<figure class=\"wpb_wrapper vc_figure\">\n\t\t\t<div class=\"vc_single_image-wrapper\"><img loading=\"lazy\" decoding=\"async\" width=\"800\" height=\"800\" src=\"https:\/\/www.liselotte-andersen.net\/wp-content\/uploads\/2025\/09\/W007_Liselotte2020_VG.jpg\" class=\"vc_single_image-img attachment-large\" alt=\"\" title=\"W007_Liselotte2020_VG\" srcset=\"https:\/\/www.liselotte-andersen.net\/wp-content\/uploads\/2025\/09\/W007_Liselotte2020_VG.jpg 800w, https:\/\/www.liselotte-andersen.net\/wp-content\/uploads\/2025\/09\/W007_Liselotte2020_VG-300x300.jpg 300w, https:\/\/www.liselotte-andersen.net\/wp-content\/uploads\/2025\/09\/W007_Liselotte2020_VG-150x150.jpg 150w, https:\/\/www.liselotte-andersen.net\/wp-content\/uploads\/2025\/09\/W007_Liselotte2020_VG-768x768.jpg 768w, https:\/\/www.liselotte-andersen.net\/wp-content\/uploads\/2025\/09\/W007_Liselotte2020_VG-468x468.jpg 468w, https:\/\/www.liselotte-andersen.net\/wp-content\/uploads\/2025\/09\/W007_Liselotte2020_VG-558x558.jpg 558w, https:\/\/www.liselotte-andersen.net\/wp-content\/uploads\/2025\/09\/W007_Liselotte2020_VG-700x700.jpg 700w, https:\/\/www.liselotte-andersen.net\/wp-content\/uploads\/2025\/09\/W007_Liselotte2020_VG-120x120.jpg 120w\" sizes=\"auto, (max-width: 800px) 100vw, 800px\" \/><\/div>\n\t\t<\/figure>\n\t<\/div>\n<\/div><\/div><\/div><div class=\"wpb_column vc_column_container vc_col-sm-7\"><div class=\"vc_column-inner\"><div class=\"wpb_wrapper\">\n\t<div class=\"wpb_text_column wpb_content_element post-formatting\" >\n\t\t<div class=\"wpb_wrapper\">\n\t\t\t<h2>Un viaggio creativo guidato dalla spontaneit\u00e0<\/h2>\n<ul>\n<li>Coltivare l'espressione spontanea<\/li>\n<li>Sperimentare le infinite combinazioni offerte dalla terra, dalla cera, dal bronzo e dalle patine<\/li>\n<li>Giocare con il ritmo delle linee pulite e la vibrazione dei rilievi<\/li>\n<li>Dare pieno spazio alla circolazione dell'energia e delle curve<\/li>\n<li>E lasciarsi trasportare dall'inconscio e dall'immaginario<\/li>\n<\/ul>\n\n\t\t<\/div>\n\t<\/div>\n<\/div><\/div><\/div><\/div><div class=\"vc_row wpb_row vc_inner vc_row-fluid vc_row-o-equal-height vc_row-o-content-middle vc_row-flex\"><div class=\"wpb_column vc_column_container vc_col-sm-5\"><div class=\"vc_column-inner\"><div class=\"wpb_wrapper\">\n\t<div  class=\"wpb_single_image wpb_content_element vc_align_left wpb_content_element\">\n\t\t\n\t\t<figure class=\"wpb_wrapper vc_figure\">\n\t\t\t<div class=\"vc_single_image-wrapper\"><img loading=\"lazy\" decoding=\"async\" width=\"768\" height=\"1024\" src=\"https:\/\/www.liselotte-andersen.net\/wp-content\/uploads\/2026\/02\/Burkina-2020-2-768x1024.jpg\" class=\"vc_single_image-img attachment-large\" alt=\"\" title=\"Burkina 2020 2\" srcset=\"https:\/\/www.liselotte-andersen.net\/wp-content\/uploads\/2026\/02\/Burkina-2020-2-768x1024.jpg 768w, https:\/\/www.liselotte-andersen.net\/wp-content\/uploads\/2026\/02\/Burkina-2020-2-225x300.jpg 225w, https:\/\/www.liselotte-andersen.net\/wp-content\/uploads\/2026\/02\/Burkina-2020-2-1152x1536.jpg 1152w, https:\/\/www.liselotte-andersen.net\/wp-content\/uploads\/2026\/02\/Burkina-2020-2-1536x2048.jpg 1536w, https:\/\/www.liselotte-andersen.net\/wp-content\/uploads\/2026\/02\/Burkina-2020-2-9x12.jpg 9w, https:\/\/www.liselotte-andersen.net\/wp-content\/uploads\/2026\/02\/Burkina-2020-2-1612x2149.jpg 1612w, https:\/\/www.liselotte-andersen.net\/wp-content\/uploads\/2026\/02\/Burkina-2020-2-1116x1488.jpg 1116w, https:\/\/www.liselotte-andersen.net\/wp-content\/uploads\/2026\/02\/Burkina-2020-2-806x1075.jpg 806w, https:\/\/www.liselotte-andersen.net\/wp-content\/uploads\/2026\/02\/Burkina-2020-2-558x744.jpg 558w, https:\/\/www.liselotte-andersen.net\/wp-content\/uploads\/2026\/02\/Burkina-2020-2-700x933.jpg 700w, https:\/\/www.liselotte-andersen.net\/wp-content\/uploads\/2026\/02\/Burkina-2020-2-scaled-e1770141803239.jpg 800w\" sizes=\"auto, (max-width: 768px) 100vw, 768px\" \/><\/div>\n\t\t<\/figure>\n\t<\/div>\n<\/div><\/div><\/div><div class=\"wpb_column vc_column_container vc_col-sm-7\"><div class=\"vc_column-inner\"><div class=\"wpb_wrapper\">\n\t<div class=\"wpb_text_column wpb_content_element post-formatting\" >\n\t\t<div class=\"wpb_wrapper\">\n\t\t\t<h2>Formazione<\/h2>\n<div class=\"page\" title=\"Pagina 1\">\n<div class=\"section\">\n<div class=\"layoutArea\">\n<div class=\"column\">\n<ul>\n<li>Formazione sulla patina del bronzo presso l'Atelier 960 a Graulhet (2025)<\/li>\n<li>Formazione sulla patina del bronzo presso la Fonderia Yves Ortin (2019)<\/li>\n<li>Formazione in fonderia d'arte presso la Fonderia A.K.L.T (2016)<\/li>\n<li>Porte aperte all'\u00c9cole Sup\u00e9rieure d'Arts d'Aix-en-Provence:\n<ul>\n<li>Volume (2009)<\/li>\n<li>Pittura (2010)<\/li>\n<li>Arti visive (2011)<\/li>\n<\/ul>\n<\/li>\n<li>Corso di saldatura all'Atelier 113 a Pertuis (2012)<\/li>\n<li>Corso di pittura presso l'associazione \u00abOn s'emm\u00eale les pinceaux\u00bb (2009)<\/li>\n<li>Corsi di disegno e ceramica (gres \/ maiolica) presso i laboratori Beaux Arts del Comune di Parigi (1991-98)<\/li>\n<\/ul>\n<\/div>\n<\/div>\n<\/div>\n<\/div>\n\n\t\t<\/div>\n\t<\/div>\n<\/div><\/div><\/div><\/div><div class=\"vc_row wpb_row vc_inner vc_row-fluid reverse-box vc_row-o-equal-height vc_row-o-content-middle vc_row-flex\"><div class=\"wpb_column vc_column_container vc_col-sm-5\"><div class=\"vc_column-inner\"><div class=\"wpb_wrapper\">\n\t<div  class=\"wpb_single_image wpb_content_element vc_align_left wpb_content_element\">\n\t\t\n\t\t<figure class=\"wpb_wrapper vc_figure\">\n\t\t\t<div class=\"vc_single_image-wrapper\"><img loading=\"lazy\" decoding=\"async\" width=\"945\" height=\"945\" src=\"https:\/\/www.liselotte-andersen.net\/wp-content\/uploads\/2026\/02\/2021-Photo-stand-Monaco-BO-1024x1024.jpg\" class=\"vc_single_image-img attachment-large\" alt=\"\" title=\"Stand fotografico 2021 Monaco BO\" srcset=\"https:\/\/www.liselotte-andersen.net\/wp-content\/uploads\/2026\/02\/2021-Photo-stand-Monaco-BO-1024x1024.jpg 1024w, https:\/\/www.liselotte-andersen.net\/wp-content\/uploads\/2026\/02\/2021-Photo-stand-Monaco-BO-300x300.jpg 300w, https:\/\/www.liselotte-andersen.net\/wp-content\/uploads\/2026\/02\/2021-Photo-stand-Monaco-BO-150x150.jpg 150w, https:\/\/www.liselotte-andersen.net\/wp-content\/uploads\/2026\/02\/2021-Photo-stand-Monaco-BO-768x768.jpg 768w, https:\/\/www.liselotte-andersen.net\/wp-content\/uploads\/2026\/02\/2021-Photo-stand-Monaco-BO-1536x1536.jpg 1536w, https:\/\/www.liselotte-andersen.net\/wp-content\/uploads\/2026\/02\/2021-Photo-stand-Monaco-BO-2048x2048.jpg 2048w, https:\/\/www.liselotte-andersen.net\/wp-content\/uploads\/2026\/02\/2021-Photo-stand-Monaco-BO-12x12.jpg 12w, https:\/\/www.liselotte-andersen.net\/wp-content\/uploads\/2026\/02\/2021-Photo-stand-Monaco-BO-468x468.jpg 468w, https:\/\/www.liselotte-andersen.net\/wp-content\/uploads\/2026\/02\/2021-Photo-stand-Monaco-BO-1612x1612.jpg 1612w, https:\/\/www.liselotte-andersen.net\/wp-content\/uploads\/2026\/02\/2021-Photo-stand-Monaco-BO-1116x1116.jpg 1116w, https:\/\/www.liselotte-andersen.net\/wp-content\/uploads\/2026\/02\/2021-Photo-stand-Monaco-BO-806x806.jpg 806w, https:\/\/www.liselotte-andersen.net\/wp-content\/uploads\/2026\/02\/2021-Photo-stand-Monaco-BO-558x558.jpg 558w, https:\/\/www.liselotte-andersen.net\/wp-content\/uploads\/2026\/02\/2021-Photo-stand-Monaco-BO-700x700.jpg 700w, https:\/\/www.liselotte-andersen.net\/wp-content\/uploads\/2026\/02\/2021-Photo-stand-Monaco-BO-120x120.jpg 120w\" sizes=\"auto, (max-width: 945px) 100vw, 945px\" \/><\/div>\n\t\t<\/figure>\n\t<\/div>\n<\/div><\/div><\/div><div class=\"wpb_column vc_column_container vc_col-sm-7\"><div class=\"vc_column-inner\"><div class=\"wpb_wrapper\">\n\t<div class=\"wpb_text_column wpb_content_element post-formatting\" >\n\t\t<div class=\"wpb_wrapper\">\n\t\t\t<h2>Spazi espositivi<\/h2>\n<div class=\"page\" title=\"Pagina 3\">\n<div class=\"layoutArea\">\n<div class=\"column\">\n<p>&nbsp;<\/p>\n<p><strong>Gallerie permanenti<\/strong><\/p>\n<p>\u2022 Galeries PromenArts \u2013 \u00cele de R\u00e9 (17)\/ La Baule (44) \/ L'Isle-sur-la-Sorgue (84)<\/p>\n<p>\u2022 Nouvel VAG, Isle-sur-la-Sorgue (84)<\/p>\n<p>\u2022 Galerie Art By Celine \u2013 Valence (26)<\/p>\n<p>\u2022 Galerie Art 27 \u2013 Montauban (82)<\/p>\n<p>\u2022 Galeries Carr\u00e9 d'Artistes \u2013 Francia (78) ed estero (Paesi Bassi)<\/p>\n<p>\u2022 Art of Happiness Gallery \u2013 Scherpenheuvel \u2013 Belgio<\/p>\n<p>&nbsp;<\/p>\n<p><strong>Gallerie effimere<\/strong><\/p>\n<p>\u2022 Pop up Galerie \u2013 Boutique \u00e9ph\u00e9m\u00e8re, Aix-en-Provence (13)<\/p>\n<p>\u2022 361\u00b0 \u2013 Espace d\u2019Art Contemporain, Aix-en-Provence (13)<\/p>\n<p>\u2022 Showroom No Factory, Parigi (75)<\/p>\n<p>\u2022 Galerie de la Pr\u00e9v\u00f4t\u00e9, Aix-en-Provence (13)<\/p>\n<p>\u2022 Galerie Casablu, Valbonne (06)<\/p>\n<p>\u2022 Galerie Maison Flotte \u2013 Sanary-sur-mer (83)<\/p>\n<p>\u2022 Galerie Les Amis des Arts \u2013 Aix-en-Provence (13)<\/p>\n<p>&nbsp;<\/p>\n<p><strong>Spazi pubblici:<\/strong><\/p>\n<p>\u2022 Grand Palais \/ Art Capital, Parigi (75)<\/p>\n<p>\u2022 UNESCO, Parigi (75)<\/p>\n<p>\u2022 Municipio, Aix-en-Provence (13)<\/p>\n<p>\u2022 Centro culturale, Bonifacio (20)<\/p>\n<p>\u2022 Cit\u00e9 du livre, Aix-en-Provence (13)<\/p>\n<p>\u2022 H\u00f4tel de Ville \/ Sale voltate, Cassis (83)<\/p>\n<p>\u2022 Il Mulino di C\u00e9zanne \/ Le Tholonet (13)<\/p>\n<p>\u2022 Spazio culturale \/ Salon de Provence (13)<\/p>\n<p>\u2022 Festival Sculpture en ballade, Valle\u0301e d\u2019Aigues (84)<\/p>\n<p>\u2022 Centro culturale \/ Castello di Trets (13)<\/p>\n<p>&nbsp;<\/p>\n<p><strong>Saloni internazionali:<\/strong><\/p>\n<p>\u2022 Luxembourg Art Fair (Lussemburgo)<\/p>\n<p>\u2022 Bruxelles International Art Fair (Belgio)<\/p>\n<p>\u2022 Salone Internazionale d'Arte Contemporanea, Marsiglia (13)<\/p>\n<p>\u2022 Halle des Blancs Manteaux, Parigi (75)<\/p>\n<p>\u2022 Salone Internazionale d'Arte Contemporanea, Lione (69)<\/p>\n<p>\u2022 Salon International d\u2019Art Contemporain, Monaco (06)<\/p>\n<\/div>\n<\/div>\n<\/div>\n\n\t\t<\/div>\n\t<\/div>\n<\/div><\/div><\/div><\/div><\/div><\/div><\/div><\/div><\/div><div class=\"vc-row-container container\"><div class=\"vc_row wpb_row vc_row-fluid vc_custom_1752495531095\"><div class=\"wpb_column vc_column_container vc_col-sm-12\"><div class=\"vc_column-inner\"><div class=\"wpb_wrapper\"><div class=\"vc_btn3-container vc_btn3-left vc_do_btn\" ><a onmouseenter=\"this.style.backgroundColor='#1b1b1b'; this.style.color='#f7f7f7';\" onmouseleave=\"this.style.backgroundColor='#2A2A2A'; this.style.color='#fff';\" style=\"background-color:#2A2A2A; color:#fff;\" class=\"vc_general vc_btn3 vc_btn3-size-md vc_btn3-shape-square vc_btn3-style-flat vc_btn3-icon-right\" href=\"\/it\/technique\/\" title=\"Tecnica\">Tecnica <i class=\"vc_btn3-icon fa fa-solid fa-arrow-right\"><\/i><\/a><\/div><div class=\"vc_btn3-container vc_btn3-left vc_do_btn\" ><a onmouseenter=\"this.style.backgroundColor='#1b1b1b'; this.style.color='#f7f7f7';\" onmouseleave=\"this.style.backgroundColor='#2A2A2A'; this.style.color='#fff';\" style=\"background-color:#2A2A2A; color:#fff;\" class=\"vc_general vc_btn3 vc_btn3-size-md vc_btn3-shape-square vc_btn3-style-flat vc_btn3-icon-right\" href=\"\/it\/pubblicazioni-di-riconoscimenti\/\" title=\"Riconoscimenti \/ Pubblicazioni\">Riconoscimenti \/ Pubblicazioni <i class=\"vc_btn3-icon fa fa-solid fa-arrow-right\"><\/i><\/a><\/div><\/div><\/div><\/div><\/div><\/div>\n<\/div>","protected":false},"excerpt":{"rendered":"Biographie \"La cr\u00e9ation est un chemin formidable vers soi et vers l\u2019autre\" N\u00e9e en 1968, de nationalit\u00e9 fran\u00e7aise et danoise, Liselotte Andersen s\u2019est install\u00e9e en Provence en 2002, apr\u00e8s des chapitres de vie en Afrique du Nord, au Danemark, en Asie centrale et \u00e0 Paris. Elle a longtemps travaill\u00e9 \u00e0 l\u2019UNESCO sur les th\u00e8mes, notamment,&hellip;","protected":false},"author":1,"featured_media":0,"parent":0,"menu_order":4,"comment_status":"closed","ping_status":"closed","template":"","meta":{"_acf_changed":false,"footnotes":""},"class_list":["post-2340","page","type-page","status-publish","hentry"],"acf":[],"yoast_head":"<!-- This site is optimized with the Yoast SEO plugin v28.4 - https:\/\/yoast.com\/product\/yoast-seo-wordpress\/ -->\n<title>Biographie - Liselotte Andersen<\/title>\n<meta name=\"description\" content=\"Expositions en France et \u00e0 l&#039;international - Partenariat avec des galeries - Sculptures en bronze num\u00e9rot\u00e9es en \u00e9ditions limit\u00e9es.\" \/>\n<meta name=\"robots\" content=\"index, follow, max-snippet:-1, max-image-preview:large, max-video-preview:-1\" \/>\n<link rel=\"canonical\" href=\"https:\/\/www.liselotte-andersen.net\/it\/biografia\/\" \/>\n<meta property=\"og:locale\" content=\"it_IT\" \/>\n<meta property=\"og:type\" content=\"article\" \/>\n<meta property=\"og:title\" content=\"Biographie - Liselotte Andersen\" \/>\n<meta property=\"og:description\" content=\"Expositions en France et \u00e0 l&#039;international - Partenariat avec des galeries - Sculptures en bronze num\u00e9rot\u00e9es en \u00e9ditions limit\u00e9es.\" \/>\n<meta property=\"og:url\" content=\"https:\/\/www.liselotte-andersen.net\/it\/biografia\/\" \/>\n<meta property=\"og:site_name\" content=\"Liselotte Andersen\" \/>\n<meta property=\"article:modified_time\" content=\"2026-02-13T11:41:05+00:00\" \/>\n<meta property=\"og:image\" content=\"https:\/\/www.liselotte-andersen.net\/wp-content\/uploads\/2025\/07\/Logo-bronze-LA-BR-e1751834958356.png\" \/>\n\t<meta property=\"og:image:width\" content=\"754\" \/>\n\t<meta property=\"og:image:height\" content=\"744\" \/>\n\t<meta property=\"og:image:type\" content=\"image\/png\" \/>\n<meta name=\"twitter:card\" content=\"summary_large_image\" \/>\n<meta name=\"twitter:label1\" content=\"Tempo di lettura stimato\" \/>\n\t<meta name=\"twitter:data1\" content=\"6 minuti\" \/>\n<script type=\"application\/ld+json\" class=\"yoast-schema-graph\">{\"@context\":\"https:\\\/\\\/schema.org\",\"@graph\":[{\"@type\":\"WebPage\",\"@id\":\"https:\\\/\\\/www.liselotte-andersen.net\\\/biographie\\\/\",\"url\":\"https:\\\/\\\/www.liselotte-andersen.net\\\/biographie\\\/\",\"name\":\"Biographie - Liselotte Andersen\",\"isPartOf\":{\"@id\":\"https:\\\/\\\/www.liselotte-andersen.net\\\/#website\"},\"datePublished\":\"2015-03-13T09:29:27+00:00\",\"dateModified\":\"2026-02-13T11:41:05+00:00\",\"description\":\"Expositions en France et \u00e0 l'international - Partenariat avec des galeries - Sculptures en bronze num\u00e9rot\u00e9es en \u00e9ditions limit\u00e9es.\",\"breadcrumb\":{\"@id\":\"https:\\\/\\\/www.liselotte-andersen.net\\\/biographie\\\/#breadcrumb\"},\"inLanguage\":\"it-IT\",\"potentialAction\":[{\"@type\":\"ReadAction\",\"target\":[\"https:\\\/\\\/www.liselotte-andersen.net\\\/biographie\\\/\"]}]},{\"@type\":\"BreadcrumbList\",\"@id\":\"https:\\\/\\\/www.liselotte-andersen.net\\\/biographie\\\/#breadcrumb\",\"itemListElement\":[{\"@type\":\"ListItem\",\"position\":1,\"name\":\"Accueil\",\"item\":\"https:\\\/\\\/www.liselotte-andersen.net\\\/\"},{\"@type\":\"ListItem\",\"position\":2,\"name\":\"Biographie\"}]},{\"@type\":\"WebSite\",\"@id\":\"https:\\\/\\\/www.liselotte-andersen.net\\\/#website\",\"url\":\"https:\\\/\\\/www.liselotte-andersen.net\\\/\",\"name\":\"Liselotte Andersen\",\"description\":\"Sculptrice\",\"publisher\":{\"@id\":\"https:\\\/\\\/www.liselotte-andersen.net\\\/#\\\/schema\\\/person\\\/e6287e36a81c443bc328eaa434927efc\"},\"potentialAction\":[{\"@type\":\"SearchAction\",\"target\":{\"@type\":\"EntryPoint\",\"urlTemplate\":\"https:\\\/\\\/www.liselotte-andersen.net\\\/?s={search_term_string}\"},\"query-input\":{\"@type\":\"PropertyValueSpecification\",\"valueRequired\":true,\"valueName\":\"search_term_string\"}}],\"inLanguage\":\"it-IT\"},{\"@type\":[\"Person\",\"Organization\"],\"@id\":\"https:\\\/\\\/www.liselotte-andersen.net\\\/#\\\/schema\\\/person\\\/e6287e36a81c443bc328eaa434927efc\",\"name\":\"Liselotte\",\"image\":{\"@type\":\"ImageObject\",\"inLanguage\":\"it-IT\",\"@id\":\"https:\\\/\\\/www.liselotte-andersen.net\\\/wp-content\\\/uploads\\\/2025\\\/07\\\/Logo-bronze-LA-BR-e1751834958356.png\",\"url\":\"https:\\\/\\\/www.liselotte-andersen.net\\\/wp-content\\\/uploads\\\/2025\\\/07\\\/Logo-bronze-LA-BR-e1751834958356.png\",\"contentUrl\":\"https:\\\/\\\/www.liselotte-andersen.net\\\/wp-content\\\/uploads\\\/2025\\\/07\\\/Logo-bronze-LA-BR-e1751834958356.png\",\"width\":754,\"height\":744,\"caption\":\"Liselotte\"},\"logo\":{\"@id\":\"https:\\\/\\\/www.liselotte-andersen.net\\\/wp-content\\\/uploads\\\/2025\\\/07\\\/Logo-bronze-LA-BR-e1751834958356.png\"},\"sameAs\":[\"http:\\\/\\\/www.liselotte-andersen.net\"]}]}<\/script>\n<!-- \/ Yoast SEO plugin. -->","yoast_head_json":{"title":"Biografia - Liselotte Andersen","description":"Mostre in Francia e all'estero - Partnership con gallerie - Sculture in bronzo numerate in edizioni limitate.","robots":{"index":"index","follow":"follow","max-snippet":"max-snippet:-1","max-image-preview":"max-image-preview:large","max-video-preview":"max-video-preview:-1"},"canonical":"https:\/\/www.liselotte-andersen.net\/it\/biografia\/","og_locale":"it_IT","og_type":"article","og_title":"Biographie - Liselotte Andersen","og_description":"Expositions en France et \u00e0 l'international - Partenariat avec des galeries - Sculptures en bronze num\u00e9rot\u00e9es en \u00e9ditions limit\u00e9es.","og_url":"https:\/\/www.liselotte-andersen.net\/it\/biografia\/","og_site_name":"Liselotte Andersen","article_modified_time":"2026-02-13T11:41:05+00:00","og_image":[{"width":754,"height":744,"url":"https:\/\/www.liselotte-andersen.net\/wp-content\/uploads\/2025\/07\/Logo-bronze-LA-BR-e1751834958356.png","type":"image\/png"}],"twitter_card":"summary_large_image","twitter_misc":{"Tempo di lettura stimato":"6 minuti"},"schema":{"@context":"https:\/\/schema.org","@graph":[{"@type":"WebPage","@id":"https:\/\/www.liselotte-andersen.net\/biographie\/","url":"https:\/\/www.liselotte-andersen.net\/biographie\/","name":"Biografia - Liselotte Andersen","isPartOf":{"@id":"https:\/\/www.liselotte-andersen.net\/#website"},"datePublished":"2015-03-13T09:29:27+00:00","dateModified":"2026-02-13T11:41:05+00:00","description":"Mostre in Francia e all'estero - Partnership con gallerie - Sculture in bronzo numerate in edizioni limitate.","breadcrumb":{"@id":"https:\/\/www.liselotte-andersen.net\/biographie\/#breadcrumb"},"inLanguage":"it-IT","potentialAction":[{"@type":"ReadAction","target":["https:\/\/www.liselotte-andersen.net\/biographie\/"]}]},{"@type":"BreadcrumbList","@id":"https:\/\/www.liselotte-andersen.net\/biographie\/#breadcrumb","itemListElement":[{"@type":"ListItem","position":1,"name":"Accueil","item":"https:\/\/www.liselotte-andersen.net\/"},{"@type":"ListItem","position":2,"name":"Biographie"}]},{"@type":"WebSite","@id":"https:\/\/www.liselotte-andersen.net\/#website","url":"https:\/\/www.liselotte-andersen.net\/","name":"Liselotte Andersen","description":"Scultrice","publisher":{"@id":"https:\/\/www.liselotte-andersen.net\/#\/schema\/person\/e6287e36a81c443bc328eaa434927efc"},"potentialAction":[{"@type":"SearchAction","target":{"@type":"EntryPoint","urlTemplate":"https:\/\/www.liselotte-andersen.net\/?s={search_term_string}"},"query-input":{"@type":"PropertyValueSpecification","valueRequired":true,"valueName":"search_term_string"}}],"inLanguage":"it-IT"},{"@type":["Person","Organization"],"@id":"https:\/\/www.liselotte-andersen.net\/#\/schema\/person\/e6287e36a81c443bc328eaa434927efc","name":"Liselotte","image":{"@type":"ImageObject","inLanguage":"it-IT","@id":"https:\/\/www.liselotte-andersen.net\/wp-content\/uploads\/2025\/07\/Logo-bronze-LA-BR-e1751834958356.png","url":"https:\/\/www.liselotte-andersen.net\/wp-content\/uploads\/2025\/07\/Logo-bronze-LA-BR-e1751834958356.png","contentUrl":"https:\/\/www.liselotte-andersen.net\/wp-content\/uploads\/2025\/07\/Logo-bronze-LA-BR-e1751834958356.png","width":754,"height":744,"caption":"Liselotte"},"logo":{"@id":"https:\/\/www.liselotte-andersen.net\/wp-content\/uploads\/2025\/07\/Logo-bronze-LA-BR-e1751834958356.png"},"sameAs":["http:\/\/www.liselotte-andersen.net"]}]}},"_links":{"self":[{"href":"https:\/\/www.liselotte-andersen.net\/it\/wp-json\/wp\/v2\/pages\/2340","targetHints":{"allow":["GET"]}}],"collection":[{"href":"https:\/\/www.liselotte-andersen.net\/it\/wp-json\/wp\/v2\/pages"}],"about":[{"href":"https:\/\/www.liselotte-andersen.net\/it\/wp-json\/wp\/v2\/types\/page"}],"author":[{"embeddable":true,"href":"https:\/\/www.liselotte-andersen.net\/it\/wp-json\/wp\/v2\/users\/1"}],"replies":[{"embeddable":true,"href":"https:\/\/www.liselotte-andersen.net\/it\/wp-json\/wp\/v2\/comments?post=2340"}],"version-history":[{"count":1,"href":"https:\/\/www.liselotte-andersen.net\/it\/wp-json\/wp\/v2\/pages\/2340\/revisions"}],"predecessor-version":[{"id":67449,"href":"https:\/\/www.liselotte-andersen.net\/it\/wp-json\/wp\/v2\/pages\/2340\/revisions\/67449"}],"wp:attachment":[{"href":"https:\/\/www.liselotte-andersen.net\/it\/wp-json\/wp\/v2\/media?parent=2340"}],"curies":[{"name":"wp","href":"https:\/\/api.w.org\/{rel}","templated":true}]}}